{"id":5363,"date":"2020-10-07T11:59:49","date_gmt":"2020-10-07T09:59:49","guid":{"rendered":"https:\/\/carabunhas.com\/?post_type=product&#038;p=5363"},"modified":"2026-04-27T08:10:12","modified_gmt":"2026-04-27T06:10:12","slug":"mermelada-ecologica-manzana","status":"publish","type":"product","link":"https:\/\/carabunhas.com\/es\/producto\/mermelada-ecologica-manzana\/","title":{"rendered":"Mermelada ecol\u00f3gica de Sa\u00faco y Manzana BIO 250g &#8211; Carabu\u00f1as"},"content":{"rendered":"<p>En esta receta de <strong>mermelada de sa\u00faco y manzana<\/strong>, hemos apostado por un delicado equilibrio de sabores que contrastan entre s\u00ed: la esencia dulce de las bayas maduras de sa\u00faco y la intensa acidez de la manzana. Incorporando agar-agar y un toque de lim\u00f3n, conseguimos un producto gourmet, <strong>sin aditivos<\/strong>, <strong>sin conservantes<\/strong> y <strong>sin colorantes<\/strong>.<\/p>\n<p>Nuestra mermelada de sa\u00faco y manzana est\u00e1 <strong>elaborada de forma artesanal<\/strong>, con todo el sabor de las mermeladas caseras hechas con ingredientes ecol\u00f3gicos y naturales.<\/p>\n<p>Recomendamos utilizar esta mermelada para dar un toque de sabor y de color a diferentes elaboraciones y recetas, como acompa\u00f1amiento para yogures, tostas y tostadas, tartas y pasteles o carnes y quesos.<\/p>\n<p>En Carabu\u00f1as apostamos por elaborar productos gourmet con ingredientes de proximidad y ecol\u00f3gicos. Le damos una vuelta al sa\u00faco, una especie vegetal muy ligada a Galicia y aprovechamos sus cualidades para elaborar productos saludables.<\/p>\n<h5>Ingredientes<\/h5>\n<ul>\n<li>Az\u00facar de ca\u00f1a ecol\u00f3gico<\/li>\n<li>Manzana ecol\u00f3gica gallega<\/li>\n<li>Agar-agar ecol\u00f3gico<\/li>\n<li>Bayas de sa\u00faco<\/li>\n<li>Lim\u00f3n<\/li>\n<li>Receta propia<\/li>\n<\/ul>\n","protected":false},"excerpt":{"rendered":"<h3>Mermelada ecol\u00f3gica artesanal<\/h3>\n<p>En esta receta de <strong>mermelada artesanal Carabu\u00f1as<\/strong>, mezclamos el sabor dulce de las bayas de sa\u00faco maduro, con el sabor \u00e1cido de manzanas ecol\u00f3gicas cultivadas en Galicia.<\/p>\n<p>El resultado es una mermelada extra, de alt\u00edsima calidad, con un 70% de fruta y elaborada de forma artesanal con <strong>ingredientes ecol\u00f3gicos y de proximidad<\/strong>.<\/p>\n","protected":false},"featured_media":53687,"comment_status":"closed","ping_status":"closed","template":"","meta":[],"product_cat":[14767,23,14668],"product_tag":[],"acf":[],"yoast_head":"<!-- This site is optimized with the Yoast SEO plugin v18.9-RC1 - https:\/\/yoast.com\/wordpress\/plugins\/seo\/ -->\n<title>Mermelada ecol\u00f3gica de Sa\u00faco y Manzana BIO 250g - Carabu\u00f1as -<\/title>\n<meta name=\"robots\" content=\"index, follow, max-snippet:-1, max-image-preview:large, max-video-preview:-1\" \/>\n<link rel=\"canonical\" href=\"https:\/\/carabunhas.com\/es\/producto\/mermelada-ecologica-manzana\/\" \/>\n<meta property=\"og:locale\" content=\"es_ES\" \/>\n<meta property=\"og:type\" content=\"article\" \/>\n<meta property=\"og:title\" content=\"Mermelada ecol\u00f3gica de Sa\u00faco y Manzana BIO 250g - Carabu\u00f1as -\" \/>\n<meta property=\"og:description\" content=\"Mermelada ecol\u00f3gica artesanal En esta receta de mermelada artesanal Carabu\u00f1as, mezclamos el sabor dulce de las bayas de sa\u00faco maduro, con el sabor \u00e1cido de manzanas ecol\u00f3gicas cultivadas en Galicia.  El resultado es una mermelada extra, de alt\u00edsima calidad, con un 70% de fruta y elaborada de forma artesanal con ingredientes ecol\u00f3gicos y de proximidad.\" \/>\n<meta property=\"og:url\" content=\"https:\/\/carabunhas.com\/es\/producto\/mermelada-ecologica-manzana\/\" \/>\n<meta property=\"og:site_name\" content=\"Carabu\u00f1as\" \/>\n<meta property=\"article:modified_time\" content=\"2026-04-27T06:10:12+00:00\" \/>\n<meta property=\"og:image\" content=\"https:\/\/carabunhas.com\/wp-content\/uploads\/2023\/11\/sabugueiro-maza.jpg\" \/>\n\t<meta property=\"og:image:width\" content=\"1200\" \/>\n\t<meta property=\"og:image:height\" content=\"800\" \/>\n\t<meta property=\"og:image:type\" content=\"image\/jpeg\" \/>\n<meta name=\"twitter:card\" content=\"summary_large_image\" \/>\n<meta name=\"twitter:label1\" content=\"Tiempo de lectura\" \/>\n\t<meta name=\"twitter:data1\" content=\"1 minuto\" \/>\n<script type=\"application\/ld+json\" class=\"yoast-schema-graph\">{\"@context\":\"https:\/\/schema.org\",\"@graph\":[{\"@type\":\"WebSite\",\"@id\":\"https:\/\/carabunhas.com\/#website\",\"url\":\"https:\/\/carabunhas.com\/\",\"name\":\"Carabu\u00f1as\",\"description\":\"\",\"potentialAction\":[{\"@type\":\"SearchAction\",\"target\":{\"@type\":\"EntryPoint\",\"urlTemplate\":\"https:\/\/carabunhas.com\/?s={search_term_string}\"},\"query-input\":\"required name=search_term_string\"}],\"inLanguage\":\"es\"},{\"@type\":\"ImageObject\",\"inLanguage\":\"es\",\"@id\":\"https:\/\/carabunhas.com\/es\/producto\/mermelada-ecologica-manzana\/#primaryimage\",\"url\":\"https:\/\/carabunhas.com\/wp-content\/uploads\/2023\/11\/sabugueiro-maza.jpg\",\"contentUrl\":\"https:\/\/carabunhas.com\/wp-content\/uploads\/2023\/11\/sabugueiro-maza.jpg\",\"width\":1200,\"height\":800},{\"@type\":\"WebPage\",\"@id\":\"https:\/\/carabunhas.com\/es\/producto\/mermelada-ecologica-manzana\/#webpage\",\"url\":\"https:\/\/carabunhas.com\/es\/producto\/mermelada-ecologica-manzana\/\",\"name\":\"Mermelada ecol\u00f3gica de Sa\u00faco y Manzana BIO 250g - Carabu\u00f1as -\",\"isPartOf\":{\"@id\":\"https:\/\/carabunhas.com\/#website\"},\"primaryImageOfPage\":{\"@id\":\"https:\/\/carabunhas.com\/es\/producto\/mermelada-ecologica-manzana\/#primaryimage\"},\"datePublished\":\"2020-10-07T09:59:49+00:00\",\"dateModified\":\"2026-04-27T06:10:12+00:00\",\"breadcrumb\":{\"@id\":\"https:\/\/carabunhas.com\/es\/producto\/mermelada-ecologica-manzana\/#breadcrumb\"},\"inLanguage\":\"es\",\"potentialAction\":[{\"@type\":\"ReadAction\",\"target\":[\"https:\/\/carabunhas.com\/es\/producto\/mermelada-ecologica-manzana\/\"]}]},{\"@type\":\"BreadcrumbList\",\"@id\":\"https:\/\/carabunhas.com\/es\/producto\/mermelada-ecologica-manzana\/#breadcrumb\",\"itemListElement\":[{\"@type\":\"ListItem\",\"position\":1,\"name\":\"Portada\",\"item\":\"https:\/\/carabunhas.com\/es\/\"},{\"@type\":\"ListItem\",\"position\":2,\"name\":\"Productos\",\"item\":\"https:\/\/carabunhas.com\/es\/shop\/\"},{\"@type\":\"ListItem\",\"position\":3,\"name\":\"Mermelada ecol\u00f3gica de Sa\u00faco y Manzana BIO 250g &#8211; Carabu\u00f1as\"}]}]}<\/script>\n<!-- \/ Yoast SEO plugin. -->","yoast_head_json":{"title":"Mermelada ecol\u00f3gica de Sa\u00faco y Manzana BIO 250g - Carabu\u00f1as -","robots":{"index":"index","follow":"follow","max-snippet":"max-snippet:-1","max-image-preview":"max-image-preview:large","max-video-preview":"max-video-preview:-1"},"canonical":"https:\/\/carabunhas.com\/es\/producto\/mermelada-ecologica-manzana\/","og_locale":"es_ES","og_type":"article","og_title":"Mermelada ecol\u00f3gica de Sa\u00faco y Manzana BIO 250g - Carabu\u00f1as -","og_description":"Mermelada ecol\u00f3gica artesanal En esta receta de mermelada artesanal Carabu\u00f1as, mezclamos el sabor dulce de las bayas de sa\u00faco maduro, con el sabor \u00e1cido de manzanas ecol\u00f3gicas cultivadas en Galicia.  El resultado es una mermelada extra, de alt\u00edsima calidad, con un 70% de fruta y elaborada de forma artesanal con ingredientes ecol\u00f3gicos y de proximidad.","og_url":"https:\/\/carabunhas.com\/es\/producto\/mermelada-ecologica-manzana\/","og_site_name":"Carabu\u00f1as","article_modified_time":"2026-04-27T06:10:12+00:00","og_image":[{"width":1200,"height":800,"url":"https:\/\/carabunhas.com\/wp-content\/uploads\/2023\/11\/sabugueiro-maza.jpg","type":"image\/jpeg"}],"twitter_card":"summary_large_image","twitter_misc":{"Tiempo de lectura":"1 minuto"},"schema":{"@context":"https:\/\/schema.org","@graph":[{"@type":"WebSite","@id":"https:\/\/carabunhas.com\/#website","url":"https:\/\/carabunhas.com\/","name":"Carabu\u00f1as","description":"","potentialAction":[{"@type":"SearchAction","target":{"@type":"EntryPoint","urlTemplate":"https:\/\/carabunhas.com\/?s={search_term_string}"},"query-input":"required name=search_term_string"}],"inLanguage":"es"},{"@type":"ImageObject","inLanguage":"es","@id":"https:\/\/carabunhas.com\/es\/producto\/mermelada-ecologica-manzana\/#primaryimage","url":"https:\/\/carabunhas.com\/wp-content\/uploads\/2023\/11\/sabugueiro-maza.jpg","contentUrl":"https:\/\/carabunhas.com\/wp-content\/uploads\/2023\/11\/sabugueiro-maza.jpg","width":1200,"height":800},{"@type":"WebPage","@id":"https:\/\/carabunhas.com\/es\/producto\/mermelada-ecologica-manzana\/#webpage","url":"https:\/\/carabunhas.com\/es\/producto\/mermelada-ecologica-manzana\/","name":"Mermelada ecol\u00f3gica de Sa\u00faco y Manzana BIO 250g - Carabu\u00f1as -","isPartOf":{"@id":"https:\/\/carabunhas.com\/#website"},"primaryImageOfPage":{"@id":"https:\/\/carabunhas.com\/es\/producto\/mermelada-ecologica-manzana\/#primaryimage"},"datePublished":"2020-10-07T09:59:49+00:00","dateModified":"2026-04-27T06:10:12+00:00","breadcrumb":{"@id":"https:\/\/carabunhas.com\/es\/producto\/mermelada-ecologica-manzana\/#breadcrumb"},"inLanguage":"es","potentialAction":[{"@type":"ReadAction","target":["https:\/\/carabunhas.com\/es\/producto\/mermelada-ecologica-manzana\/"]}]},{"@type":"BreadcrumbList","@id":"https:\/\/carabunhas.com\/es\/producto\/mermelada-ecologica-manzana\/#breadcrumb","itemListElement":[{"@type":"ListItem","position":1,"name":"Portada","item":"https:\/\/carabunhas.com\/es\/"},{"@type":"ListItem","position":2,"name":"Productos","item":"https:\/\/carabunhas.com\/es\/shop\/"},{"@type":"ListItem","position":3,"name":"Mermelada ecol\u00f3gica de Sa\u00faco y Manzana BIO 250g &#8211; Carabu\u00f1as"}]}]}},"_links":{"self":[{"href":"https:\/\/carabunhas.com\/es\/wp-json\/wp\/v2\/product\/5363"}],"collection":[{"href":"https:\/\/carabunhas.com\/es\/wp-json\/wp\/v2\/product"}],"about":[{"href":"https:\/\/carabunhas.com\/es\/wp-json\/wp\/v2\/types\/product"}],"replies":[{"embeddable":true,"href":"https:\/\/carabunhas.com\/es\/wp-json\/wp\/v2\/comments?post=5363"}],"wp:featuredmedia":[{"embeddable":true,"href":"https:\/\/carabunhas.com\/es\/wp-json\/wp\/v2\/media\/53687"}],"wp:attachment":[{"href":"https:\/\/carabunhas.com\/es\/wp-json\/wp\/v2\/media?parent=5363"}],"wp:term":[{"taxonomy":"product_cat","embeddable":true,"href":"https:\/\/carabunhas.com\/es\/wp-json\/wp\/v2\/product_cat?post=5363"},{"taxonomy":"product_tag","embeddable":true,"href":"https:\/\/carabunhas.com\/es\/wp-json\/wp\/v2\/product_tag?post=5363"}],"curies":[{"name":"wp","href":"https:\/\/api.w.org\/{rel}","templated":true}]}}